{"id":8809,"date":"2024-05-21T09:09:12","date_gmt":"2024-05-21T09:09:12","guid":{"rendered":"https:\/\/www.centros-sbc.com\/despatxos-privats-madrid\/"},"modified":"2026-08-17T13:45:07","modified_gmt":"2026-08-17T13:45:07","slug":"lloguer-despatxos-madrid","status":"publish","type":"page","link":"https:\/\/www.centros-sbc.com\/ca\/lloguer-despatxos-madrid\/","title":{"rendered":"Despatxos Privats Madrid"},"content":{"rendered":"\t\t<div data-elementor-type=\"wp-page\" data-elementor-id=\"8809\" class=\"elementor elementor-8809 elementor-8804\">\n\t\t\t\t\t\t<section class=\"elementor-section elementor-top-section elementor-element elementor-element-557f7859 elementor-section-boxed elementor-section-height-default elementor-section-height-default\" data-id=\"557f7859\" data-element_type=\"section\" data-e-type=\"section\" data-settings=\"{&quot;background_background&quot;:&quot;classic&quot;}\">\n\t\t\t\t\t\t<div class=\"elementor-container elementor-column-gap-default\">\n\t\t\t\t\t<div class=\"elementor-column elementor-col-100 elementor-top-column elementor-element elementor-element-6c4df3ca\" data-id=\"6c4df3ca\" data-element_type=\"column\" data-e-type=\"column\">\n\t\t\t<div class=\"elementor-widget-wrap elementor-element-populated\">\n\t\t\t\t\t\t<section class=\"elementor-section elementor-inner-section elementor-element elementor-element-7825c48b elementor-section-boxed elementor-section-height-default elementor-section-height-default\" data-id=\"7825c48b\" data-element_type=\"section\" data-e-type=\"section\">\n\t\t\t\t\t\t<div class=\"elementor-container elementor-column-gap-default\">\n\t\t\t\t\t<div class=\"elementor-column elementor-col-100 elementor-inner-column elementor-element elementor-element-9018944\" data-id=\"9018944\" data-element_type=\"column\" data-e-type=\"column\">\n\t\t\t<div class=\"elementor-widget-wrap elementor-element-populated\">\n\t\t\t\t\t\t<div class=\"elementor-element elementor-element-696d617c elementor-widget elementor-widget-text-editor\" data-id=\"696d617c\" data-element_type=\"widget\" data-e-type=\"widget\" data-widget_type=\"text-editor.default\">\n\t\t\t\t<div class=\"elementor-widget-container\">\n\t\t\t\t\t\t\t\t\t<h1><span style=\"color: #ffffff;\">Lloguer d&#8217;oficines a Madrid \u2013 Centres de Negocis SBC\u00ae<\/span><\/h1>\t\t\t\t\t\t\t\t<\/div>\n\t\t\t\t<\/div>\n\t\t\t\t<div class=\"elementor-element elementor-element-4ae28d89 elementor-widget elementor-widget-text-editor\" data-id=\"4ae28d89\" data-element_type=\"widget\" data-e-type=\"widget\" data-widget_type=\"text-editor.default\">\n\t\t\t\t<div class=\"elementor-widget-container\">\n\t\t\t\t\t\t\t\t\t<h2>\n<span style=\"color: #ffffff;\">Centres de Negocis i Business Center a Madrid amb Oficines Moblades i M\u00e0xima Flexibilitat<\/span>\n<\/h2>\n\n<h3 style=\"font-style: normal; color: #7897d0;\">\n<a style=\"text-decoration: none;\" href=\"https:\/\/www.centros-sbc.com\/ca\/lloguer-despatxos-madrid\/sbc-villa-el-viso\/\">\n<span style=\"color: #ffffff;\">Nou Centre de Negocis Premium<\/span>\n <span style=\"color: #ff6600; font-weight: bold; font-size: 2rem;\">SBC Villa El Viso<\/span>\n <span style=\"color: #ffffff;\">(Chamart\u00edn)<\/span>\n<\/a>\n<\/h3>\t\t\t\t\t\t\t\t<\/div>\n\t\t\t\t<\/div>\n\t\t\t\t<div class=\"elementor-element elementor-element-76364bff elementor-widget elementor-widget-text-editor\" data-id=\"76364bff\" data-element_type=\"widget\" data-e-type=\"widget\" data-widget_type=\"text-editor.default\">\n\t\t\t\t<div class=\"elementor-widget-container\">\n\t\t\t\t\t\t\t\t\t<div style=\"padding-top: 60px;\"><h3><span style=\"color: #ffffff; font-size: 2rem; font-style: inherit; font-weight: inherit;\"><br\/><br\/>Truqui&#8217;ns al<\/span> <em style=\"font-size: 2rem; font-weight: inherit;\"><span style=\"color: #ffffff;\"><a href=\"tel:900121275\"><span style=\"font-weight: bold; color: #ff6600;\">900 12 12 75<\/span><\/a><\/span><\/em> <span style=\"font-style: inherit; font-weight: inherit; color: #ffffff; font-size: 2rem;\">i reservi la seva visita<\/span><\/h3><h3><span style=\"font-size: 1.66667rem; color: #ffffff;\">El seu <b>Despatx Equipat<\/b> a una Zona <b>PREMIUM<\/b> amb una quota mensual ajustada i competitiva<\/span><\/h3><\/div>\t\t\t\t\t\t\t\t<\/div>\n\t\t\t\t<\/div>\n\t\t\t\t\t<\/div>\n\t\t<\/div>\n\t\t\t\t\t<\/div>\n\t\t<\/section>\n\t\t\t\t\t<\/div>\n\t\t<\/div>\n\t\t\t\t\t<\/div>\n\t\t<\/section>\n\t\t\t\t<section class=\"elementor-section elementor-top-section elementor-element elementor-element-3d55dc3c elementor-section-boxed elementor-section-height-default elementor-section-height-default\" data-id=\"3d55dc3c\" data-element_type=\"section\" data-e-type=\"section\">\n\t\t\t\t\t\t<div class=\"elementor-container elementor-column-gap-default\">\n\t\t\t\t\t<div class=\"elementor-column elementor-col-100 elementor-top-column elementor-element elementor-element-245342a\" data-id=\"245342a\" data-element_type=\"column\" data-e-type=\"column\">\n\t\t\t<div class=\"elementor-widget-wrap elementor-element-populated\">\n\t\t\t\t\t\t<div class=\"elementor-element elementor-element-7beaf5b7 elementor-widget elementor-widget-text-editor\" data-id=\"7beaf5b7\" data-element_type=\"widget\" data-e-type=\"widget\" data-widget_type=\"text-editor.default\">\n\t\t\t\t<div class=\"elementor-widget-container\">\n\t\t\t\t\t\t\t\t\t<span style=\"color: #000000 !important;\">Lloguer d\u00b4oficines i despatxos equipats a Madrid<\/span>\t\t\t\t\t\t\t\t<\/div>\n\t\t\t\t<\/div>\n\t\t\t\t<div class=\"elementor-element elementor-element-a067467 elementor-widget-divider--view-line elementor-widget elementor-widget-divider\" data-id=\"a067467\" data-element_type=\"widget\" data-e-type=\"widget\" data-widget_type=\"divider.default\">\n\t\t\t\t<div class=\"elementor-widget-container\">\n\t\t\t\t\t\t\t<div class=\"elementor-divider\">\n\t\t\t<span class=\"elementor-divider-separator\">\n\t\t\t\t\t\t<\/span>\n\t\t<\/div>\n\t\t\t\t\t\t<\/div>\n\t\t\t\t<\/div>\n\t\t\t\t<div class=\"elementor-element elementor-element-5f2ca825 elementor-widget elementor-widget-text-editor\" data-id=\"5f2ca825\" data-element_type=\"widget\" data-e-type=\"widget\" data-widget_type=\"text-editor.default\">\n\t\t\t\t<div class=\"elementor-widget-container\">\n\t\t\t\t\t\t\t\t\t<div style=\"font-size: 18px; line-height: 1.6;\">\n\nCentres SBC\u00ae disposa de <strong>dos centres de negocis i Business Center a Madrid<\/strong> : SBC Madrid Centro, al costat del Palau Reial, i SBC Villa El Viso, a Chamart\u00edn, proper al Passeig de la Castellana. A tots dos oferim oficines i despatxos privats completament moblats i equipats, preparats per treballar des del primer dia. \n\nEls nostres <strong>Business Center a Madrid<\/strong> ofereixen <strong>despatxos privats de 1 a 10 llocs<\/strong> , amb f\u00f3rmules flexibles de contractaci\u00f3 per mesos o anys. De forma puntual i segons disponibilitat, tamb\u00e9 oferim lloguer de despatxos per hores a Madrid. M\u00e9s de 20 anys d&#8217;experi\u00e8ncia donen suport a un servei basat en la professionalitat, la privadesa, el confort i l&#8217;atenci\u00f3 personalitzada.  \n\nPodeu <strong>llogar la vostra oficina o despatx a Madrid<\/strong> a qualsevol dels nostres dos centres:\n<h4 style=\"font-size: 18px; margin-bottom: 8px;\"><a href=\"https:\/\/www.centros-sbc.com\/ca\/lloguer-despatxos-madrid\/sbc-madrid-centro\/\"><strong>SBC Madrid Centre (Palau)<\/strong><\/a><\/h4>\nSBC Madrid Centro est\u00e0 situat al centre hist\u00f2ric, al costat de la Catedral de l&#8217;Almudena i el Palau Reial. Disposa d\u00b4oficines i despatxos privats exteriors, abundant llum natural, terrasses i un entorn professional i representatiu, perfectament comunicat amb la resta de la ciutat. \n<h4 style=\"font-size: 18px; margin-bottom: 8px;\"><a href=\"https:\/\/www.centros-sbc.com\/ca\/lloguer-despatxos-madrid\/sbc-villa-el-viso\/\"><strong>SBC Villa El Viso (Chamart\u00edn)<\/strong><\/a><\/h4>\nSBC Villa El Viso \u00e9s un <strong>centre de negocis premium a Madrid<\/strong> , situat en una vila independent de l&#8217;exclusiu barri del Viso, al costat del Passeig de la Castellana i Nuevos Ministerios. Combina privadesa, confort i representativitat en un entorn singular amb una terrassa de 100 m\u00b2 i un jard\u00ed privat de 600 m\u00b2. \n\nTrieu entre les nostres oficines a Madrid Centro i El Viso (Chamart\u00edn) i situeu la vostra empresa en dues de les zones m\u00e9s emblem\u00e0tiques i valorades de Madrid.\n\n<strong><a href=\"https:\/\/www.centros-sbc.com\/ca\/lloguer_despatxos\/\">Veure els nostres centres de negocis i despatxos a Barcelona<\/a><\/strong>\n\n<\/div>\t\t\t\t\t\t\t\t<\/div>\n\t\t\t\t<\/div>\n\t\t\t\t\t<\/div>\n\t\t<\/div>\n\t\t\t\t\t<\/div>\n\t\t<\/section>\n\t\t\t\t<section class=\"elementor-section elementor-top-section elementor-element elementor-element-6ba42c18 elementor-section-boxed elementor-section-height-default elementor-section-height-default\" data-id=\"6ba42c18\" data-element_type=\"section\" data-e-type=\"section\" data-settings=\"{&quot;background_background&quot;:&quot;classic&quot;}\">\n\t\t\t\t\t\t<div class=\"elementor-container elementor-column-gap-default\">\n\t\t\t\t\t<div class=\"elementor-column elementor-col-100 elementor-top-column elementor-element elementor-element-76b8154b\" data-id=\"76b8154b\" data-element_type=\"column\" data-e-type=\"column\">\n\t\t\t<div class=\"elementor-widget-wrap elementor-element-populated\">\n\t\t\t\t\t\t<div class=\"elementor-element elementor-element-19886cd4 elementor-icon-list--layout-traditional elementor-list-item-link-full_width elementor-widget elementor-widget-icon-list\" data-id=\"19886cd4\" data-element_type=\"widget\" data-e-type=\"widget\" data-widget_type=\"icon-list.default\">\n\t\t\t\t<div class=\"elementor-widget-container\">\n\t\t\t\t\t\t\t<ul class=\"elementor-icon-list-items\">\n\t\t\t\t\t\t\t<li class=\"elementor-icon-list-item\">\n\t\t\t\t\t\t\t\t\t\t\t<span class=\"elementor-icon-list-icon\">\n\t\t\t\t\t\t\t<i aria-hidden=\"true\" class=\"far fa-star\"><\/i>\t\t\t\t\t\t<\/span>\n\t\t\t\t\t\t\t\t\t\t<span class=\"elementor-icon-list-text\">Els nostres dos Centres de Negocis a Madrid<\/span>\n\t\t\t\t\t\t\t\t\t<\/li>\n\t\t\t\t\t\t<\/ul>\n\t\t\t\t\t\t<\/div>\n\t\t\t\t<\/div>\n\t\t\t\t<div class=\"elementor-element elementor-element-3e61c5c elementor-widget elementor-widget-text-editor\" data-id=\"3e61c5c\" data-element_type=\"widget\" data-e-type=\"widget\" data-widget_type=\"text-editor.default\">\n\t\t\t\t<div class=\"elementor-widget-container\">\n\t\t\t\t\t\t\t\t\t<p style=\"text-align: left;\">Els preus poden variar segons el <strong>Centre de Negocis SBC<\/strong> \u00ae que trieu, la mida del despatx, si \u00e9s exterior o interior, i altres caracter\u00edstiques espec\u00edfiques de l&#8217;espai, aspectes que s&#8217;aprecien millor durant una <strong data-start=\"395\" data-end=\"416\">visita presencial<\/strong> . Per aix\u00f2, la nostra recomanaci\u00f3 \u00e9s que seleccioneu el <b>Centre SBC<\/b> \u00ae a Madrid que millor s&#8217;adapti a les vostres necessitats i prefer\u00e8ncies, permetent-nos mostrar personalment les instal\u00b7lacions i explicar-vos tots els serveis inclosos, perqu\u00e8 pugueu prendre la millor decisi\u00f3 per a la vostra oficina o equip. Tamb\u00e9 podeu con\u00e8ixer la nostra proposta de <strong><a href=\"https:\/\/www.centros-sbc.com\/ca\/coworking-madrid\/\">coworking a Madrid<\/a><\/strong> , basada en despatxos privats d&#8217;\u00fas exclusiu i tots els serveis inclosos.  <\/p><p style=\"text-align: left;\"><b> <\/b><\/p><p style=\"text-align: left;\"><b>Truqui&#8217;ns al <a href=\"tel:\/\/900121275\"><span style=\"color: #ff6600;\">900 12 12 75<\/span><\/a> i reservi la seva visita<\/b> . Estarem encantats de rebre&#8217;l. <span style=\"color: #ffffff;\"><a class=\"blue\" href=\"..\/contacto\/\"> <u>Contactar<\/u><\/a><\/span><\/p>\t\t\t\t\t\t\t\t<\/div>\n\t\t\t\t<\/div>\n\t\t\t\t<section class=\"elementor-section elementor-inner-section elementor-element elementor-element-4783e85b elementor-section-boxed elementor-section-height-default elementor-section-height-default\" data-id=\"4783e85b\" data-element_type=\"section\" data-e-type=\"section\">\n\t\t\t\t\t\t<div class=\"elementor-container elementor-column-gap-default\">\n\t\t\t\t\t<div class=\"elementor-column elementor-col-50 elementor-inner-column elementor-element elementor-element-1c4073c7\" data-id=\"1c4073c7\" data-element_type=\"column\" data-e-type=\"column\">\n\t\t\t<div class=\"elementor-widget-wrap elementor-element-populated\">\n\t\t\t\t\t\t<div class=\"elementor-element elementor-element-4b49f1c4 elementor-widget elementor-widget-text-editor\" data-id=\"4b49f1c4\" data-element_type=\"widget\" data-e-type=\"widget\" data-widget_type=\"text-editor.default\">\n\t\t\t\t<div class=\"elementor-widget-container\">\n\t\t\t\t\t\t\t\t\t<p>Coworking SBC Madrid Centre<\/p>\t\t\t\t\t\t\t\t<\/div>\n\t\t\t\t<\/div>\n\t\t\t\t<div class=\"elementor-element elementor-element-7dd1d21b elementor-widget elementor-widget-premium-addon-banner\" data-id=\"7dd1d21b\" data-element_type=\"widget\" data-e-type=\"widget\" data-widget_type=\"premium-addon-banner.default\">\n\t\t\t\t<div class=\"elementor-widget-container\">\n\t\t\t\t\t\t\t<div class=\"premium-banner-ib premium-banner-min-height premium-banner-animation11 none premium-banner__effect-type2\">\n\t\t\t\t\t\t\t\t\t\t<img fetchpriority=\"high\" decoding=\"async\" width=\"1200\" height=\"900\" src=\"https:\/\/www.centros-sbc.com\/wp-content\/uploads\/2026\/07\/coworking-madrid-sbc-madrid-centro-entorno-1.jpg\" class=\"attachment-full size-full wp-image-14812\" alt=\"coworking-madrid-sbc-madrid-centro-entorno\" srcset=\"https:\/\/www.centros-sbc.com\/wp-content\/uploads\/2026\/07\/coworking-madrid-sbc-madrid-centro-entorno-1.jpg 1200w, https:\/\/www.centros-sbc.com\/wp-content\/uploads\/2026\/07\/coworking-madrid-sbc-madrid-centro-entorno-1-300x225.jpg 300w, https:\/\/www.centros-sbc.com\/wp-content\/uploads\/2026\/07\/coworking-madrid-sbc-madrid-centro-entorno-1-1024x768.jpg 1024w, https:\/\/www.centros-sbc.com\/wp-content\/uploads\/2026\/07\/coworking-madrid-sbc-madrid-centro-entorno-1-768x576.jpg 768w\" sizes=\"(max-width: 1200px) 100vw, 1200px\" \/>\t\t\t\t\t\t\t\t\t\t<div class=\"premium-banner-gradient\"><\/div>\n\t\t\t\t\t\t<div class=\"premium-banner-ib-desc\">\n\t\t\t\t\n\t\t\t\t\t\t\t\t\t<h3 class=\"premium-banner-ib-title premium_banner_title\">\n\t\t\t\t\t\tEn ple centre\t\t\t\t\t<\/h3>\n\t\t\t\t\n\t\t\t\t\t\t\t\t\t<div class=\"premium-banner-ib-content premium_banner_content\">\n\t\t\t\t\t\t<p><strong>SBC Madrid Centro<\/strong> (Palacio), disposa del lloguer d&#8217;oficines i despatxos exteriors amb vistes al jard\u00ed de les Vistillas, a tocar de la Catedral de l&#8217;Almudena. Els despatxos estan equipats, s\u00f3n amplis, moderns, amb molta llum natural, terrassa i un entorn natural. <\/p>\t\t\t\t\t<\/div>\n\t\t\t\t\n\t\t\t\t\n\t\t\t\t\t\t\t<\/div>\n\t\t\t\t\t\t\t<a href=\"https:\/\/www.centros-sbc.com\/ca\/lloguer-despatxos-madrid\/sbc-madrid-centro\/\" class=\"premium-banner-ib-link\"><\/a>\n\t\t\t\t\t<\/div>\n\n\t\t\t\t\t\t<\/div>\n\t\t\t\t<\/div>\n\t\t\t\t<div class=\"elementor-element elementor-element-6bdc2d02 elementor-widget elementor-widget-text-editor\" data-id=\"6bdc2d02\" data-element_type=\"widget\" data-e-type=\"widget\" data-widget_type=\"text-editor.default\">\n\t\t\t\t<div class=\"elementor-widget-container\">\n\t\t\t\t\t\t\t\t\t<p>Un <strong>Business Center<\/strong> innovador, modern, exterior i amb molta llum natural.<\/p>\t\t\t\t\t\t\t\t<\/div>\n\t\t\t\t<\/div>\n\t\t\t\t\t<\/div>\n\t\t<\/div>\n\t\t\t\t<div class=\"elementor-column elementor-col-50 elementor-inner-column elementor-element elementor-element-f4d02a7\" data-id=\"f4d02a7\" data-element_type=\"column\" data-e-type=\"column\">\n\t\t\t<div class=\"elementor-widget-wrap elementor-element-populated\">\n\t\t\t\t\t\t<div class=\"elementor-element elementor-element-836d010 elementor-widget elementor-widget-text-editor\" data-id=\"836d010\" data-element_type=\"widget\" data-e-type=\"widget\" data-widget_type=\"text-editor.default\">\n\t\t\t\t<div class=\"elementor-widget-container\">\n\t\t\t\t\t\t\t\t\t<p>Coworking SBC Villa el Viso<\/p>\t\t\t\t\t\t\t\t<\/div>\n\t\t\t\t<\/div>\n\t\t\t\t<div class=\"elementor-element elementor-element-4a45488 elementor-widget elementor-widget-premium-addon-banner\" data-id=\"4a45488\" data-element_type=\"widget\" data-e-type=\"widget\" data-widget_type=\"premium-addon-banner.default\">\n\t\t\t\t<div class=\"elementor-widget-container\">\n\t\t\t\t\t\t\t<div class=\"premium-banner-ib premium-banner-min-height premium-banner-animation11 none premium-banner__effect-type2\">\n\t\t\t\t\t\t\t\t\t\t<img decoding=\"async\" width=\"1200\" height=\"900\" src=\"https:\/\/www.centros-sbc.com\/wp-content\/uploads\/2026\/07\/coworking-madrid-sbc-villa-el-viso-exterior-jardin-1.jpg\" class=\"attachment-full size-full wp-image-14815\" alt=\"coworking-madrid-sbc-villa-el-viso-exterior-jardin\" srcset=\"https:\/\/www.centros-sbc.com\/wp-content\/uploads\/2026\/07\/coworking-madrid-sbc-villa-el-viso-exterior-jardin-1.jpg 1200w, https:\/\/www.centros-sbc.com\/wp-content\/uploads\/2026\/07\/coworking-madrid-sbc-villa-el-viso-exterior-jardin-1-300x225.jpg 300w, https:\/\/www.centros-sbc.com\/wp-content\/uploads\/2026\/07\/coworking-madrid-sbc-villa-el-viso-exterior-jardin-1-1024x768.jpg 1024w, https:\/\/www.centros-sbc.com\/wp-content\/uploads\/2026\/07\/coworking-madrid-sbc-villa-el-viso-exterior-jardin-1-768x576.jpg 768w\" sizes=\"(max-width: 1200px) 100vw, 1200px\" \/>\t\t\t\t\t\t\t\t\t\t<div class=\"premium-banner-gradient\"><\/div>\n\t\t\t\t\t\t<div class=\"premium-banner-ib-desc\">\n\t\t\t\t\n\t\t\t\t\t\t\t\t\t<h3 class=\"premium-banner-ib-title premium_banner_title\">\n\t\t\t\t\t\tUn Oasi privat a Madrid.\t\t\t\t\t<\/h3>\n\t\t\t\t\n\t\t\t\t\t\t\t\t\t<div class=\"premium-banner-ib-content premium_banner_content\">\n\t\t\t\t\t\t<p><strong>SBC Villa El Viso<\/strong> disposa de 18 despatxos privats i exteriors en una vila exclusiva al costat del Passeig de la Castellana, envoltada de jard\u00ed, gespa i arbres. Un entorn professional amb llum natural, calma i privadesa per a empreses que busquen una seu diferent a Madrid. <\/p>\t\t\t\t\t<\/div>\n\t\t\t\t\n\t\t\t\t\n\t\t\t\t\t\t\t<\/div>\n\t\t\t\t\t\t\t<a href=\"https:\/\/www.centros-sbc.com\/ca\/lloguer-despatxos-madrid\/sbc-villa-el-viso\/\" class=\"premium-banner-ib-link\"><\/a>\n\t\t\t\t\t<\/div>\n\n\t\t\t\t\t\t<\/div>\n\t\t\t\t<\/div>\n\t\t\t\t<div class=\"elementor-element elementor-element-56aee4b elementor-widget elementor-widget-text-editor\" data-id=\"56aee4b\" data-element_type=\"widget\" data-e-type=\"widget\" data-widget_type=\"text-editor.default\">\n\t\t\t\t<div class=\"elementor-widget-container\">\n\t\t\t\t\t\t\t\t\tUn <strong>Business Center<\/strong> \u00fanic a SBC Villa el Viso al costat de<br\/> Castellana.\t\t\t\t\t\t\t\t<\/div>\n\t\t\t\t<\/div>\n\t\t\t\t\t<\/div>\n\t\t<\/div>\n\t\t\t\t\t<\/div>\n\t\t<\/section>\n\t\t\t\t<section class=\"elementor-section elementor-inner-section elementor-element elementor-element-c04f80a elementor-section-boxed elementor-section-height-default elementor-section-height-default\" data-id=\"c04f80a\" data-element_type=\"section\" data-e-type=\"section\">\n\t\t\t\t\t\t<div class=\"elementor-container elementor-column-gap-default\">\n\t\t\t\t\t<div class=\"elementor-column elementor-col-100 elementor-inner-column elementor-element elementor-element-3377cf54\" data-id=\"3377cf54\" data-element_type=\"column\" data-e-type=\"column\" data-settings=\"{&quot;background_background&quot;:&quot;classic&quot;}\">\n\t\t\t<div class=\"elementor-widget-wrap elementor-element-populated\">\n\t\t\t\t\t\t<div class=\"elementor-element elementor-element-3c44652a elementor-widget elementor-widget-text-editor\" data-id=\"3c44652a\" data-element_type=\"widget\" data-e-type=\"widget\" data-widget_type=\"text-editor.default\">\n\t\t\t\t<div class=\"elementor-widget-container\">\n\t\t\t\t\t\t\t\t\t<p style=\"text-align: left;\"><strong><span style=\"color: #ff6600;\"><span class=\"bold orange\">NOTA IMPORTANT<\/span> :<\/span><\/strong><br\/> Totes les nostres <strong>Oficines a Madrid<\/strong> s\u00f3n espais tancats amb codi d&#8217;acc\u00e9s individual, garantint privadesa i seguretat, i preus competitius per al   <b>Lloguer d\u00b4una Oficina totalment moblada i equipada a Madrid.<\/b>  A m\u00e9s, pot complementar els serveis del seu despatx amb els nostres <strong data-start=\"546\" data-end=\"583\">Forfets exclusius per a clients<\/strong> , que inclouen recursos i serveis dissenyats per facilitar la gesti\u00f3 di\u00e0ria de la seva empresa, com la <strong data-start=\"674\" data-end=\"703\">domiciliaci\u00f3 de societat<\/strong> , l&#8217; <strong data-start=\"708\" data-end=\"769\">\u00fas il limitat de sales de reunions amb tarifa bonificada<\/strong> , <strong data-start=\"771\" data-end=\"805\">tarifes redu\u00efdes de telefonia<\/strong> , <strong data-start=\"807\" data-end=\"846\">xarxa privada (VLAN) a cada despatx<\/strong> i altres serveis administratius addicionals, amb i professionalitat, adaptat a les necessitats del vostre equip o negoci. <\/p>\t\t\t\t\t\t\t\t<\/div>\n\t\t\t\t<\/div>\n\t\t\t\t\t<\/div>\n\t\t<\/div>\n\t\t\t\t\t<\/div>\n\t\t<\/section>\n\t\t\t\t\t<\/div>\n\t\t<\/div>\n\t\t\t\t\t<\/div>\n\t\t<\/section>\n\t\t\t\t<section class=\"elementor-section elementor-top-section elementor-element elementor-element-731e3acc elementor-section-boxed elementor-section-height-default elementor-section-height-default\" data-id=\"731e3acc\" data-element_type=\"section\" data-e-type=\"section\">\n\t\t\t\t\t\t<div class=\"elementor-container elementor-column-gap-default\">\n\t\t\t\t\t<div class=\"elementor-column elementor-col-100 elementor-top-column elementor-element elementor-element-596e5c6d\" data-id=\"596e5c6d\" data-element_type=\"column\" data-e-type=\"column\">\n\t\t\t<div class=\"elementor-widget-wrap elementor-element-populated\">\n\t\t\t\t\t\t<div class=\"elementor-element elementor-element-139ed355 elementor-icon-list--layout-traditional elementor-list-item-link-full_width elementor-widget elementor-widget-icon-list\" data-id=\"139ed355\" data-element_type=\"widget\" data-e-type=\"widget\" data-widget_type=\"icon-list.default\">\n\t\t\t\t<div class=\"elementor-widget-container\">\n\t\t\t\t\t\t\t<ul class=\"elementor-icon-list-items\">\n\t\t\t\t\t\t\t<li class=\"elementor-icon-list-item\">\n\t\t\t\t\t\t\t\t\t\t\t<span class=\"elementor-icon-list-icon\">\n\t\t\t\t\t\t\t<i aria-hidden=\"true\" class=\"far fa-star\"><\/i>\t\t\t\t\t\t<\/span>\n\t\t\t\t\t\t\t\t\t\t<span class=\"elementor-icon-list-text\">Caracter\u00edstiques de les oficines de SBC\u00ae. Entorn i confort <\/span>\n\t\t\t\t\t\t\t\t\t<\/li>\n\t\t\t\t\t\t<\/ul>\n\t\t\t\t\t\t<\/div>\n\t\t\t\t<\/div>\n\t\t\t\t<div class=\"elementor-element elementor-element-5c0b5d3e elementor-widget elementor-widget-text-editor\" data-id=\"5c0b5d3e\" data-element_type=\"widget\" data-e-type=\"widget\" data-widget_type=\"text-editor.default\">\n\t\t\t\t<div class=\"elementor-widget-container\">\n\t\t\t\t\t\t\t\t\t<p>Als <b>Centres de Negocis SBC\u00ae de Madrid, <a href=\"https:\/\/www.centros-sbc.com\/ca\/lloguer-despatxos-madrid\/sbc-madrid-centro\/\">SBC Madrid Centre<\/a> i <a href=\"https:\/\/www.centros-sbc.com\/ca\/lloguer-despatxos-madrid\/sbc-villa-el-viso\/\">SBC Villa El Viso<\/a> ,<\/b> garantim que totes les empreses i professionals puguin desenvolupar la seva feina en condicions \u00f2ptimes, tant f\u00edsiques com ambientals, oferint un entorn tranquil i confortable per a tots els usuaris. Per aix\u00f2, demanem i supervisem que es respectin les normes de conviv\u00e8ncia, evitant mol\u00e8sties entre els diferents despatxos. Per mantenir aquesta filosofia, totes les Oficines disposen d&#8217;un dec\u00e0leg de cortesia que convida, per exemple, a mantenir les portes tancades ia evitar parlar per tel\u00e8fon als passadissos. A <strong data-start=\"805\" data-end=\"828\">Centres SBC\u00ae Madrid<\/strong> trobareu Despatxos privats, moblats, insonoritzats, climatitzats i totalment equipats amb tots els serveis necessaris, recolzats per un equip professional que at\u00e9n amb la m\u00e0xima educaci\u00f3 i cortesia, assegurant que el respecte i la bona conviv\u00e8ncia permetin a tots treballar de manera m\u00e9s eficient i c\u00f2moda.   <\/p>\t\t\t\t\t\t\t\t<\/div>\n\t\t\t\t<\/div>\n\t\t\t\t<div class=\"elementor-element elementor-element-2f32c027 elementor-icon-list--layout-traditional elementor-list-item-link-full_width elementor-widget elementor-widget-icon-list\" data-id=\"2f32c027\" data-element_type=\"widget\" data-e-type=\"widget\" data-widget_type=\"icon-list.default\">\n\t\t\t\t<div class=\"elementor-widget-container\">\n\t\t\t\t\t\t\t<ul class=\"elementor-icon-list-items\">\n\t\t\t\t\t\t\t<li class=\"elementor-icon-list-item\">\n\t\t\t\t\t\t\t\t\t\t\t<span class=\"elementor-icon-list-icon\">\n\t\t\t\t\t\t\t<i aria-hidden=\"true\" class=\"far fa-star\"><\/i>\t\t\t\t\t\t<\/span>\n\t\t\t\t\t\t\t\t\t\t<span class=\"elementor-icon-list-text\">Equipament<\/span>\n\t\t\t\t\t\t\t\t\t<\/li>\n\t\t\t\t\t\t<\/ul>\n\t\t\t\t\t\t<\/div>\n\t\t\t\t<\/div>\n\t\t\t\t<section class=\"elementor-section elementor-inner-section elementor-element elementor-element-75f9c78a elementor-section-boxed elementor-section-height-default elementor-section-height-default\" data-id=\"75f9c78a\" data-element_type=\"section\" data-e-type=\"section\">\n\t\t\t\t\t\t<div class=\"elementor-container elementor-column-gap-default\">\n\t\t\t\t\t<div class=\"elementor-column elementor-col-100 elementor-inner-column elementor-element elementor-element-1ab0cb62\" data-id=\"1ab0cb62\" data-element_type=\"column\" data-e-type=\"column\">\n\t\t\t<div class=\"elementor-widget-wrap elementor-element-populated\">\n\t\t\t\t\t\t<div class=\"elementor-element elementor-element-1eb319a9 elementor-align-start puntoshome elementor-icon-list--layout-traditional elementor-list-item-link-full_width elementor-widget elementor-widget-icon-list\" data-id=\"1eb319a9\" data-element_type=\"widget\" data-e-type=\"widget\" data-widget_type=\"icon-list.default\">\n\t\t\t\t<div class=\"elementor-widget-container\">\n\t\t\t\t\t\t\t<ul class=\"elementor-icon-list-items\">\n\t\t\t\t\t\t\t<li class=\"elementor-icon-list-item\">\n\t\t\t\t\t\t\t\t\t\t\t<span class=\"elementor-icon-list-icon\">\n\t\t\t\t\t\t\t<i aria-hidden=\"true\" class=\"fas fa-check\"><\/i>\t\t\t\t\t\t<\/span>\n\t\t\t\t\t\t\t\t\t\t<span class=\"elementor-icon-list-text\">A nivell d'equipament, les nostres Oficines estan <b>insonoritzades, climatitzades i completament equipades i moblades<\/b> amb taula de treball per a cada lloc, confortable butaca executiva amb rodes regulable en al\u00e7ada i respatller, buck de calaixos i prestatgeries. <b>Possibilitat de posar taula rodona amb cadires de confident<\/b> .<\/span>\n\t\t\t\t\t\t\t\t\t<\/li>\n\t\t\t\t\t\t\t\t<li class=\"elementor-icon-list-item\">\n\t\t\t\t\t\t\t\t\t\t\t<span class=\"elementor-icon-list-icon\">\n\t\t\t\t\t\t\t<i aria-hidden=\"true\" class=\"fas fa-check\"><\/i>\t\t\t\t\t\t<\/span>\n\t\t\t\t\t\t\t\t\t\t<span class=\"elementor-icon-list-text\">A m\u00e9s, a <b>tots els nostres Centres<\/b> gaudir\u00e0 d'innombrables serveis destinats a millorar el seu confort ia superar les seves expectatives com, per exemple, connexi\u00f3 a internet per fibra \u00f2ptica tipus Macrolan, subxarxa privada per a cada despatx VLAN, tel\u00e8fons amb numeraci\u00f3 exclusiva, fil musical, v\u00eddeo vigil\u00e0ncia permanent, premsa di\u00e0ria, p\u00e0rquing amb condicions especials, Acc\u00e9s 24 hores. <b>Tot aix\u00f2 protegit i garantit pel nostre Contracte Flexible de Serveis SBC<\/b> .<\/span>\n\t\t\t\t\t\t\t\t\t<\/li>\n\t\t\t\t\t\t\t\t<li class=\"elementor-icon-list-item\">\n\t\t\t\t\t\t\t\t\t\t\t<span class=\"elementor-icon-list-icon\">\n\t\t\t\t\t\t\t<i aria-hidden=\"true\" class=\"fas fa-check\"><\/i>\t\t\t\t\t\t<\/span>\n\t\t\t\t\t\t\t\t\t\t<span class=\"elementor-icon-list-text\">Sempre vetllem perqu\u00e8 la usabilitat i l'aspecte de les nostres oficines estiguin en<b>perfecte estat<\/b>, mantenint els equips, mobiliari i instal\u00b7lacions amb programes ad hoc permanents i actualitzant i modernitzant els nostres sistemes de manera peri\u00f2dica.<b>Centres SBC sempre a l'avantguarda en tecnologia, innovaci\u00f3 i serveis<\/b>.<\/span>\n\t\t\t\t\t\t\t\t\t<\/li>\n\t\t\t\t\t\t<\/ul>\n\t\t\t\t\t\t<\/div>\n\t\t\t\t<\/div>\n\t\t\t\t\t<\/div>\n\t\t<\/div>\n\t\t\t\t\t<\/div>\n\t\t<\/section>\n\t\t\t\t<div class=\"elementor-element elementor-element-f92c21c elementor-widget elementor-widget-text-editor\" data-id=\"f92c21c\" data-element_type=\"widget\" data-e-type=\"widget\" data-widget_type=\"text-editor.default\">\n\t\t\t\t<div class=\"elementor-widget-container\">\n\t\t\t\t\t\t\t\t\t<p>En domiciliar la seva empresa als <b>Centres SBC\u00ae Madrid<\/b> obtindr\u00e0 els serveis necessaris perqu\u00e8 la seva seu mostri una <strong>imatge seriosa, s\u00f2lida i professional<\/strong> .<\/p>\t\t\t\t\t\t\t\t<\/div>\n\t\t\t\t<\/div>\n\t\t\t\t\t<\/div>\n\t\t<\/div>\n\t\t\t\t\t<\/div>\n\t\t<\/section>\n\t\t\t\t<section class=\"elementor-section elementor-top-section elementor-element elementor-element-adaa9d0 elementor-section-boxed elementor-section-height-default elementor-section-height-default\" data-id=\"adaa9d0\" data-element_type=\"section\" data-e-type=\"section\" data-settings=\"{&quot;background_background&quot;:&quot;classic&quot;}\">\n\t\t\t\t\t\t<div class=\"elementor-container elementor-column-gap-default\">\n\t\t\t\t\t<div class=\"elementor-column elementor-col-100 elementor-top-column elementor-element elementor-element-1eed192a\" data-id=\"1eed192a\" data-element_type=\"column\" data-e-type=\"column\">\n\t\t\t<div class=\"elementor-widget-wrap elementor-element-populated\">\n\t\t\t\t\t\t<div class=\"elementor-element elementor-element-71171fd2 elementor-icon-list--layout-traditional elementor-list-item-link-full_width elementor-widget elementor-widget-icon-list\" data-id=\"71171fd2\" data-element_type=\"widget\" data-e-type=\"widget\" data-widget_type=\"icon-list.default\">\n\t\t\t\t<div class=\"elementor-widget-container\">\n\t\t\t\t\t\t\t<ul class=\"elementor-icon-list-items\">\n\t\t\t\t\t\t\t<li class=\"elementor-icon-list-item\">\n\t\t\t\t\t\t\t\t\t\t\t<span class=\"elementor-icon-list-icon\">\n\t\t\t\t\t\t\t<i aria-hidden=\"true\" class=\"far fa-star\"><\/i>\t\t\t\t\t\t<\/span>\n\t\t\t\t\t\t\t\t\t\t<span class=\"elementor-icon-list-text\">Disponibilitat de les nostres Oficines per Centre de Negocis<\/span>\n\t\t\t\t\t\t\t\t\t<\/li>\n\t\t\t\t\t\t<\/ul>\n\t\t\t\t\t\t<\/div>\n\t\t\t\t<\/div>\n\t\t\t\t<div class=\"elementor-element elementor-element-8496cbd elementor-widget elementor-widget-text-editor\" data-id=\"8496cbd\" data-element_type=\"widget\" data-e-type=\"widget\" data-widget_type=\"text-editor.default\">\n\t\t\t\t<div class=\"elementor-widget-container\">\n\t\t\t\t\t\t\t\t\t<p>La disponibilitat i els preus d&#8217;oficines a <strong>Centres SBC<\/strong> \u00ae es distribueixen de la manera seg\u00fcent:<\/p>\t\t\t\t\t\t\t\t<\/div>\n\t\t\t\t<\/div>\n\t\t\t\t<div class=\"elementor-element elementor-element-2c868449 elementor-align-start puntoshome elementor-icon-list--layout-traditional elementor-list-item-link-full_width elementor-widget elementor-widget-icon-list\" data-id=\"2c868449\" data-element_type=\"widget\" data-e-type=\"widget\" data-widget_type=\"icon-list.default\">\n\t\t\t\t<div class=\"elementor-widget-container\">\n\t\t\t\t\t\t\t<ul class=\"elementor-icon-list-items\">\n\t\t\t\t\t\t\t<li class=\"elementor-icon-list-item\">\n\t\t\t\t\t\t\t\t\t\t\t<a href=\"https:\/\/www.centros-sbc.com\/ca\/lloguer-despatxos-madrid\/sbc-villa-el-viso\/\">\n\n\t\t\t\t\t\t\t\t\t\t\t\t<span class=\"elementor-icon-list-icon\">\n\t\t\t\t\t\t\t<i aria-hidden=\"true\" class=\"fas fa-check\"><\/i>\t\t\t\t\t\t<\/span>\n\t\t\t\t\t\t\t\t\t\t<span class=\"elementor-icon-list-text\"><strong class=\"bold\">Lloguer d'Oficines a Madrid de 1-10 llocs<\/strong> : disponibles a SBC Villa El Viso<\/span>\n\t\t\t\t\t\t\t\t\t\t\t<\/a>\n\t\t\t\t\t\t\t\t\t<\/li>\n\t\t\t\t\t\t\t\t<li class=\"elementor-icon-list-item\">\n\t\t\t\t\t\t\t\t\t\t\t<a href=\"https:\/\/www.centros-sbc.com\/ca\/lloguer-despatxos-madrid\/sbc-madrid-centro\/\">\n\n\t\t\t\t\t\t\t\t\t\t\t\t<span class=\"elementor-icon-list-icon\">\n\t\t\t\t\t\t\t<i aria-hidden=\"true\" class=\"fas fa-check\"><\/i>\t\t\t\t\t\t<\/span>\n\t\t\t\t\t\t\t\t\t\t<span class=\"elementor-icon-list-text\"><strong class=\"bold\">Lloguer d'Oficines a Madrid de 1-8 llocs<\/strong> : disponibles a SBC Madrid Centro.<\/span>\n\t\t\t\t\t\t\t\t\t\t\t<\/a>\n\t\t\t\t\t\t\t\t\t<\/li>\n\t\t\t\t\t\t<\/ul>\n\t\t\t\t\t\t<\/div>\n\t\t\t\t<\/div>\n\t\t\t\t\t<\/div>\n\t\t<\/div>\n\t\t\t\t\t<\/div>\n\t\t<\/section>\n\t\t\t\t<section class=\"elementor-section elementor-top-section elementor-element elementor-element-162d4c8c elementor-section-boxed elementor-section-height-default elementor-section-height-default\" data-id=\"162d4c8c\" data-element_type=\"section\" data-e-type=\"section\" data-settings=\"{&quot;background_background&quot;:&quot;classic&quot;}\">\n\t\t\t\t\t\t<div class=\"elementor-container elementor-column-gap-default\">\n\t\t\t\t\t<div class=\"elementor-column elementor-col-100 elementor-top-column elementor-element elementor-element-8b85cb9\" data-id=\"8b85cb9\" data-element_type=\"column\" data-e-type=\"column\">\n\t\t\t<div class=\"elementor-widget-wrap elementor-element-populated\">\n\t\t\t\t\t\t<div class=\"elementor-element elementor-element-546c1939 elementor-icon-list--layout-traditional elementor-list-item-link-full_width elementor-widget elementor-widget-icon-list\" data-id=\"546c1939\" data-element_type=\"widget\" data-e-type=\"widget\" data-widget_type=\"icon-list.default\">\n\t\t\t\t<div class=\"elementor-widget-container\">\n\t\t\t\t\t\t\t<ul class=\"elementor-icon-list-items\">\n\t\t\t\t\t\t\t<li class=\"elementor-icon-list-item\">\n\t\t\t\t\t\t\t\t\t\t\t<span class=\"elementor-icon-list-icon\">\n\t\t\t\t\t\t\t<i aria-hidden=\"true\" class=\"far fa-star\"><\/i>\t\t\t\t\t\t<\/span>\n\t\t\t\t\t\t\t\t\t\t<span class=\"elementor-icon-list-text\">La nostra Tecnologia<\/span>\n\t\t\t\t\t\t\t\t\t<\/li>\n\t\t\t\t\t\t<\/ul>\n\t\t\t\t\t\t<\/div>\n\t\t\t\t<\/div>\n\t\t\t\t<div class=\"elementor-element elementor-element-eb41b27 elementor-widget elementor-widget-text-editor\" data-id=\"eb41b27\" data-element_type=\"widget\" data-e-type=\"widget\" data-widget_type=\"text-editor.default\">\n\t\t\t\t<div class=\"elementor-widget-container\">\n\t\t\t\t\t\t\t\t\t<p>A Centres SBC\u00ae comptem amb una infraestructura tecnol\u00f2gica professional i integrada, coordinada i mantinguda per ICODE. Omkiner gestiona la nostra connectivitat mitjan\u00e7ant fibres de Movistar i Orange, aix\u00ed com la telefonia VoIP, les centraletes i els n\u00fameros DDI. Les xarxes estan protegides mitjan\u00e7ant solucions Fortinet i el sistema d&#8217;impressi\u00f3 Canon utilitza PaperCut, integrat amb la nostra intranet WBASE, per identificar de forma segura cada usuari i assignar autom\u00e0ticament els seus consums segons les condicions del forfet contractat. Aquests s\u00f3n els Partners que ens ajuden a oferir als nostres clients les millors solucions en aquest \u00e0mbit.  <\/p>\t\t\t\t\t\t\t\t<\/div>\n\t\t\t\t<\/div>\n\t\t\t\t<div class=\"elementor-element elementor-element-6f03a1e4 elementor-align-start elementor-icon-list--layout-traditional elementor-list-item-link-full_width elementor-widget elementor-widget-icon-list\" data-id=\"6f03a1e4\" data-element_type=\"widget\" data-e-type=\"widget\" data-widget_type=\"icon-list.default\">\n\t\t\t\t<div class=\"elementor-widget-container\">\n\t\t\t\t\t\t\t<ul class=\"elementor-icon-list-items\">\n\t\t\t\t\t\t\t<li class=\"elementor-icon-list-item\">\n\t\t\t\t\t\t\t\t\t\t\t<span class=\"elementor-icon-list-icon\">\n\t\t\t\t\t\t\t<i aria-hidden=\"true\" class=\"fas fa-check\"><\/i>\t\t\t\t\t\t<\/span>\n\t\t\t\t\t\t\t\t\t\t<span class=\"elementor-icon-list-text\">Connectivitat empresarial mitjan\u00e7ant fibres de Movistar i Orange.<\/span>\n\t\t\t\t\t\t\t\t\t<\/li>\n\t\t\t\t\t\t\t\t<li class=\"elementor-icon-list-item\">\n\t\t\t\t\t\t\t\t\t\t\t<span class=\"elementor-icon-list-icon\">\n\t\t\t\t\t\t\t<i aria-hidden=\"true\" class=\"fas fa-check\"><\/i>\t\t\t\t\t\t<\/span>\n\t\t\t\t\t\t\t\t\t\t<span class=\"elementor-icon-list-text\">Telefonia VoIP, centraletes virtuals i numeraci\u00f3 DDI gestionades per Omkiner.<\/span>\n\t\t\t\t\t\t\t\t\t<\/li>\n\t\t\t\t\t\t\t\t<li class=\"elementor-icon-list-item\">\n\t\t\t\t\t\t\t\t\t\t\t<span class=\"elementor-icon-list-icon\">\n\t\t\t\t\t\t\t<i aria-hidden=\"true\" class=\"fas fa-check\"><\/i>\t\t\t\t\t\t<\/span>\n\t\t\t\t\t\t\t\t\t\t<span class=\"elementor-icon-list-text\">Xarxes protegides amb tallafocs Fortinet, coordinades i mantingudes per ICODE.<\/span>\n\t\t\t\t\t\t\t\t\t<\/li>\n\t\t\t\t\t\t\t\t<li class=\"elementor-icon-list-item\">\n\t\t\t\t\t\t\t\t\t\t\t<span class=\"elementor-icon-list-icon\">\n\t\t\t\t\t\t\t<i aria-hidden=\"true\" class=\"fas fa-check\"><\/i>\t\t\t\t\t\t<\/span>\n\t\t\t\t\t\t\t\t\t\t<span class=\"elementor-icon-list-text\">Infraestructura de xarxa i servidors al n\u00favol administrats per ICODE.<\/span>\n\t\t\t\t\t\t\t\t\t<\/li>\n\t\t\t\t\t\t\t\t<li class=\"elementor-icon-list-item\">\n\t\t\t\t\t\t\t\t\t\t\t<span class=\"elementor-icon-list-icon\">\n\t\t\t\t\t\t\t<i aria-hidden=\"true\" class=\"fas fa-check\"><\/i>\t\t\t\t\t\t<\/span>\n\t\t\t\t\t\t\t\t\t\t<span class=\"elementor-icon-list-text\">Xarxa Wi-Fi professional supervisada i mantinguda de forma permanent.<\/span>\n\t\t\t\t\t\t\t\t\t<\/li>\n\t\t\t\t\t\t\t\t<li class=\"elementor-icon-list-item\">\n\t\t\t\t\t\t\t\t\t\t\t<span class=\"elementor-icon-list-icon\">\n\t\t\t\t\t\t\t<i aria-hidden=\"true\" class=\"fas fa-check\"><\/i>\t\t\t\t\t\t<\/span>\n\t\t\t\t\t\t\t\t\t\t<span class=\"elementor-icon-list-text\">Equips d\u00b4impressi\u00f3 C\u00e0non amb identificaci\u00f3 individual i control mitjan\u00e7ant PaperCut.<\/span>\n\t\t\t\t\t\t\t\t\t<\/li>\n\t\t\t\t\t\t\t\t<li class=\"elementor-icon-list-item\">\n\t\t\t\t\t\t\t\t\t\t\t<span class=\"elementor-icon-list-icon\">\n\t\t\t\t\t\t\t<i aria-hidden=\"true\" class=\"fas fa-check\"><\/i>\t\t\t\t\t\t<\/span>\n\t\t\t\t\t\t\t\t\t\t<span class=\"elementor-icon-list-text\">Integraci\u00f3 amb la intranet WBASE per assignar autom\u00e0ticament els consums segons el forfet contractat.<\/span>\n\t\t\t\t\t\t\t\t\t<\/li>\n\t\t\t\t\t\t<\/ul>\n\t\t\t\t\t\t<\/div>\n\t\t\t\t<\/div>\n\t\t\t\t\t<\/div>\n\t\t<\/div>\n\t\t\t\t\t<\/div>\n\t\t<\/section>\n\t\t\t\t<section class=\"elementor-section elementor-top-section elementor-element elementor-element-5067e332 elementor-section-boxed elementor-section-height-default elementor-section-height-default\" data-id=\"5067e332\" data-element_type=\"section\" data-e-type=\"section\">\n\t\t\t\t\t\t<div class=\"elementor-container elementor-column-gap-default\">\n\t\t\t\t\t<div class=\"elementor-column elementor-col-100 elementor-top-column elementor-element elementor-element-2f05d5c0\" data-id=\"2f05d5c0\" data-element_type=\"column\" data-e-type=\"column\">\n\t\t\t<div class=\"elementor-widget-wrap elementor-element-populated\">\n\t\t\t\t\t\t<div class=\"elementor-element elementor-element-43591dc7 elementor-icon-list--layout-traditional elementor-list-item-link-full_width elementor-widget elementor-widget-icon-list\" data-id=\"43591dc7\" data-element_type=\"widget\" data-e-type=\"widget\" data-widget_type=\"icon-list.default\">\n\t\t\t\t<div class=\"elementor-widget-container\">\n\t\t\t\t\t\t\t<ul class=\"elementor-icon-list-items\">\n\t\t\t\t\t\t\t<li class=\"elementor-icon-list-item\">\n\t\t\t\t\t\t\t\t\t\t\t<span class=\"elementor-icon-list-icon\">\n\t\t\t\t\t\t\t<i aria-hidden=\"true\" class=\"far fa-star\"><\/i>\t\t\t\t\t\t<\/span>\n\t\t\t\t\t\t\t\t\t\t<span class=\"elementor-icon-list-text\">Preguntes freq\u00fcents<\/span>\n\t\t\t\t\t\t\t\t\t<\/li>\n\t\t\t\t\t\t<\/ul>\n\t\t\t\t\t\t<\/div>\n\t\t\t\t<\/div>\n\t\t\t\t\t<\/div>\n\t\t<\/div>\n\t\t\t\t\t<\/div>\n\t\t<\/section>\n\t\t\t\t<section class=\"elementor-section elementor-top-section elementor-element elementor-element-3a65baac elementor-section-boxed elementor-section-height-default elementor-section-height-default\" data-id=\"3a65baac\" data-element_type=\"section\" data-e-type=\"section\" data-settings=\"{&quot;background_background&quot;:&quot;classic&quot;}\">\n\t\t\t\t\t\t<div class=\"elementor-container elementor-column-gap-default\">\n\t\t\t\t\t<div class=\"elementor-column elementor-col-50 elementor-top-column elementor-element elementor-element-b27c5a\" data-id=\"b27c5a\" data-element_type=\"column\" data-e-type=\"column\">\n\t\t\t<div class=\"elementor-widget-wrap elementor-element-populated\">\n\t\t\t\t\t\t<div class=\"elementor-element elementor-element-7c2b8c64 elementor-widget elementor-widget-ucaddon_content_accordion\" data-id=\"7c2b8c64\" data-element_type=\"widget\" data-e-type=\"widget\" data-widget_type=\"ucaddon_content_accordion.default\">\n\t\t\t\t<div class=\"elementor-widget-container\">\n\t\t\t\t\t\n<!-- start Content Accordion -->\n\t\t<link id='font-awesome-css' href='https:\/\/www.centros-sbc.com\/wp-content\/plugins\/unlimited-elements-for-elementor\/assets_libraries\/font-awesome6\/fontawesome-all.min.css' type='text\/css' rel='stylesheet' >\n\t\t<link id='font-awesome-4-shim-css' href='https:\/\/www.centros-sbc.com\/wp-content\/plugins\/unlimited-elements-for-elementor\/assets_libraries\/font-awesome6\/fontawesome-v4-shims.min.css' type='text\/css' rel='stylesheet' >\n\n<style>\/* widget: Content Accordion *\/\n\n#uc_content_accordion_elementor_7c2b8c64 *{\n  box-sizing: border-box;\n}\n\n#uc_content_accordion_elementor_7c2b8c64 .uc_ac_box\n{\n  overflow:hidden;\n}\n\n\n#uc_content_accordion_elementor_7c2b8c64 em\n{\n  font-style: normal;\n}\n\n#uc_content_accordion_elementor_7c2b8c64 .ue_heading_title\n{\n  margin:0;\n  flex-grow:1;\n}\n\n#uc_content_accordion_elementor_7c2b8c64 .uc_container .uc-heading\n{\n\tdisplay:flex;\n    align-items:center;\n\toverflow:hidden;\n\tcursor:pointer;\n  \n}\n#uc_content_accordion_elementor_7c2b8c64 .uc_container .uc_content\n{\n    display:none;\n}\n\n#uc_content_accordion_elementor_7c2b8c64 .uc_container .uc-heading span.ue_accordion_icon\n{\n\tdisplay:flex;\n    align-items:center;\n   \tjustify-content:center;\n    flex-grow:0;\n    flex-shrink:0;\n}\n#uc_content_accordion_elementor_7c2b8c64 .uc_ac_box.uc-item-active span.uc_dactive\n{\n\tdisplay:none;\n}\n#uc_content_accordion_elementor_7c2b8c64 .uc_ac_box:not(.uc-item-active) span.uc_active\n{\n\tdisplay:none;\n}\n\n#uc_content_accordion_elementor_7c2b8c64 .uc_container .uc_btn {\n\n    text-align: center;\n    display: inline-block;\n    text-decoration: none;\n    transition: ease-in-out all 0.25s;\n}\n\n#uc_content_accordion_elementor_7c2b8c64 .ue-item-image img\n{\n  width:100%;\n  display:block;\n  object-fit:cover;\n}\n\n<\/style>\n\n<div class=\"uc_material_accordion \"  id=\"uc_content_accordion_elementor_7c2b8c64\"  data-name=\"\" data-scroll=\"off\" data-offset=\"0\" data-closeothers=\"true\" >\n  <div class=\"uc_container\">\n    \n\n<div class=\"uc_ac_box elementor-repeater-item-56f8c66 \" style=\"background-color:;\">\n  <div class=\"uc-heading uc_trigger\">\n    <span class=\"uc_dactive bbb ue_accordion_icon\"><i class='fas fa-chevron-down'><\/i><\/span> \n    <span class=\"uc_active bbb ue_accordion_icon\"><i class='fas fa-chevron-up'><\/i><\/span>\n    <div class=\"ue_heading_title\">Qu\u00e8 \u00e9s un Centre de Negocis?<\/div>\n  <\/div>\n  \n  <div class=\"uc_content\" >\n        \n          \n      \n              <div class=\"ue-item-text\">El lloguer d'una oficina convencional a Madrid sol exigir inversi\u00f3 inicial, obres, mobiliari, contractaci\u00f3 de subministraments i instal\u00b7laci\u00f3 de sistemes inform\u00e0tics i telecomunicacions. A m\u00e9s a m\u00e9s del cost, aquests preparatius poden retardar durant setmanes l'inici de l'activitat. <br><br>\nEn canvi, en triar un Centre SBC\u00ae es pot instal\u00b7lar a Madrid en una oficina privada, moblada i equipada de 1 a 10 llocs, sense invertir en obres ni mobiliari. Segons el centre i les condicions contractades, disposareu de recepci\u00f3 professional, sales de reunions, zones de descans, connectivitat i altres serveis necessaris per facilitar l'activitat di\u00e0ria de la vostra empresa. <\/div>\n      \n              \n      <\/div> \n<\/div>\n\n\n<div class=\"uc_ac_box elementor-repeater-item-96ff869 \" style=\"background-color:;\">\n  <div class=\"uc-heading uc_trigger\">\n    <span class=\"uc_dactive bbb ue_accordion_icon\"><i class='fas fa-chevron-down'><\/i><\/span> \n    <span class=\"uc_active bbb ue_accordion_icon\"><i class='fas fa-chevron-up'><\/i><\/span>\n    <div class=\"ue_heading_title\">Quins avantatges tenen els Centres SBC davant d'altres?<\/div>\n  <\/div>\n  \n  <div class=\"uc_content\" >\n        \n          \n      \n              <div class=\"ue-item-text\"><ol>\n \t<li>Confort i benestar: forma part de l'ADN de Centres SBC\u00ae. Les persones que estem al capdavant dels Centres SBC\u00ae, estem compromesos personalment que els clients i en general, qualsevol persona que ens visiti, s'asseu en un entorn confortable tant en instal\u00b7lacions com en el tracte que dispensem al lloguer d'oficines, domiciliaci\u00f3 de societats i lloguer de sales de reunions i aules de formaci\u00f3. <\/li>\n \t<li>Garantia de flexibilitat total: El nostre contracte de serveis mant\u00e9 el repte permanent de protegir un altre dels nostres valors essencials, com \u00e9s la flexibilitat. Els nostres usuaris poden canviar els serveis, la durada del contracte o fins i tot triar una altra <strong>oficina<\/strong> simplement sol\u00b7licitant-lo. <\/li>\n \t<li>Integralitat. Els clients de SBC reben serveis prestats directament per la nostra empresa, per\u00f2 tamb\u00e9 posem a la disposici\u00f3 dels nostres usuaris prove\u00efdors de l'\u00e0mbit inform\u00e0tic, fiscal, laboral o jur\u00eddic recomanat per SBC. <\/li>\n<\/ol><\/div>\n      \n              \n      <\/div> \n<\/div>\n\n\n<div class=\"uc_ac_box elementor-repeater-item-7829d93 \" style=\"background-color:;\">\n  <div class=\"uc-heading uc_trigger\">\n    <span class=\"uc_dactive bbb ue_accordion_icon\"><i class='fas fa-chevron-down'><\/i><\/span> \n    <span class=\"uc_active bbb ue_accordion_icon\"><i class='fas fa-chevron-up'><\/i><\/span>\n    <div class=\"ue_heading_title\">Quina durada t\u00e9 el contracte? Contracte flexible de serveis <\/div>\n  <\/div>\n  \n  <div class=\"uc_content\" >\n        \n          \n      \n              <div class=\"ue-item-text\">Els nostres clients gaudeixen d'una Garantia de flexibilitat total sense comprom\u00eds de perman\u00e8ncia gr\u00e0cies al nostre <span class=\"orange bold\">exclusiu Contracte Flexible de Serveis<\/span> . Trieu la vostra <strong>oficina<\/strong> , instal\u00b7leu-vos en 5 minuts, gaudiu de la durada i preu que millor s'ajusti a les vostres necessitats, canvieu-los quan vulgui i finalitzi el seu contracte quan li convingui. Simplement amb dos mesos de preav\u00eds.  <\/div>\n      \n              \n      <\/div> \n<\/div>\n\n\n<div class=\"uc_ac_box elementor-repeater-item-8abf60e \" style=\"background-color:;\">\n  <div class=\"uc-heading uc_trigger\">\n    <span class=\"uc_dactive bbb ue_accordion_icon\"><i class='fas fa-chevron-down'><\/i><\/span> \n    <span class=\"uc_active bbb ue_accordion_icon\"><i class='fas fa-chevron-up'><\/i><\/span>\n    <div class=\"ue_heading_title\">Quina mida tenen les oficines i de quin mobiliari disposen?<\/div>\n  <\/div>\n  \n  <div class=\"uc_content\" >\n        \n          \n      \n              <div class=\"ue-item-text\">Les <strong>oficines<\/strong> mesuren entre els 8 i els 32 m2 i disposen d'1 a 10 c\u00f2modes llocs de treball compostos per taula amb ala, buck de calaixos, butaca executiva ergon\u00f2mica, tel\u00e8fon amb mans lliures, l\u00e0mpada de sobretaula, safates per a documents i armari alt de prestatgeries, formant part d'un confort.\n<\/div>\n      \n              \n      <\/div> \n<\/div>\n\n  <\/div>\n<\/div>\n<!-- end Content Accordion -->\t\t\t\t<\/div>\n\t\t\t\t<\/div>\n\t\t\t\t\t<\/div>\n\t\t<\/div>\n\t\t\t\t<div class=\"elementor-column elementor-col-50 elementor-top-column elementor-element elementor-element-3e12123b\" data-id=\"3e12123b\" data-element_type=\"column\" data-e-type=\"column\">\n\t\t\t<div class=\"elementor-widget-wrap elementor-element-populated\">\n\t\t\t\t\t\t<div class=\"elementor-element elementor-element-475b849d elementor-widget elementor-widget-ucaddon_content_accordion\" data-id=\"475b849d\" data-element_type=\"widget\" data-e-type=\"widget\" data-widget_type=\"ucaddon_content_accordion.default\">\n\t\t\t\t<div class=\"elementor-widget-container\">\n\t\t\t\t\t\n<!-- start Content Accordion -->\n\n<style>\/* widget: Content Accordion *\/\n\n#uc_content_accordion_elementor_475b849d *{\n  box-sizing: border-box;\n}\n\n#uc_content_accordion_elementor_475b849d .uc_ac_box\n{\n  overflow:hidden;\n}\n\n\n#uc_content_accordion_elementor_475b849d em\n{\n  font-style: normal;\n}\n\n#uc_content_accordion_elementor_475b849d .ue_heading_title\n{\n  margin:0;\n  flex-grow:1;\n}\n\n#uc_content_accordion_elementor_475b849d .uc_container .uc-heading\n{\n\tdisplay:flex;\n    align-items:center;\n\toverflow:hidden;\n\tcursor:pointer;\n  \n}\n#uc_content_accordion_elementor_475b849d .uc_container .uc_content\n{\n    display:none;\n}\n\n#uc_content_accordion_elementor_475b849d .uc_container .uc-heading span.ue_accordion_icon\n{\n\tdisplay:flex;\n    align-items:center;\n   \tjustify-content:center;\n    flex-grow:0;\n    flex-shrink:0;\n}\n#uc_content_accordion_elementor_475b849d .uc_ac_box.uc-item-active span.uc_dactive\n{\n\tdisplay:none;\n}\n#uc_content_accordion_elementor_475b849d .uc_ac_box:not(.uc-item-active) span.uc_active\n{\n\tdisplay:none;\n}\n\n#uc_content_accordion_elementor_475b849d .uc_container .uc_btn {\n\n    text-align: center;\n    display: inline-block;\n    text-decoration: none;\n    transition: ease-in-out all 0.25s;\n}\n\n#uc_content_accordion_elementor_475b849d .ue-item-image img\n{\n  width:100%;\n  display:block;\n  object-fit:cover;\n}\n\n<\/style>\n\n<div class=\"uc_material_accordion \"  id=\"uc_content_accordion_elementor_475b849d\"  data-name=\"\" data-scroll=\"off\" data-offset=\"0\" data-closeothers=\"true\" >\n  <div class=\"uc_container\">\n    \n\n<div class=\"uc_ac_box elementor-repeater-item-56f8c66 \" style=\"background-color:;\">\n  <div class=\"uc-heading uc_trigger\">\n    <span class=\"uc_dactive bbb ue_accordion_icon\"><i class='fas fa-chevron-down'><\/i><\/span> \n    <span class=\"uc_active bbb ue_accordion_icon\"><i class='fas fa-chevron-up'><\/i><\/span>\n    <div class=\"ue_heading_title\">Quins serveis i instal\u00b7lacions estan inclosos en el preu?<\/div>\n  <\/div>\n  \n  <div class=\"uc_content\" >\n        \n          \n      \n              <div class=\"ue-item-text\">La quota del despatx inclou l\u00fas duna oficina privada i moblada, subministraments, climatitzaci\u00f3, connexi\u00f3 a internet i neteja, dacord amb les condicions contractades. Altres serveis, com ara telefonia, domiciliaci\u00f3, impressi\u00f3 i sales de reunions, depenen del forfet escollit. Els clients amb despatx poden reservar sales des de 5\u20ac\/hora amb el Forfet Standard, mentre que el Forfet Full inclou fins a 10 hores de sala, segons les seves condicions.  <\/div>\n      \n              \n      <\/div> \n<\/div>\n\n\n<div class=\"uc_ac_box elementor-repeater-item-96ff869 \" style=\"background-color:;\">\n  <div class=\"uc-heading uc_trigger\">\n    <span class=\"uc_dactive bbb ue_accordion_icon\"><i class='fas fa-chevron-down'><\/i><\/span> \n    <span class=\"uc_active bbb ue_accordion_icon\"><i class='fas fa-chevron-up'><\/i><\/span>\n    <div class=\"ue_heading_title\">Puc disposar de sales de reunions? S\u00f3n gratu\u00eftes? <\/div>\n  <\/div>\n  \n  <div class=\"uc_content\" >\n        \n          \n      \n              <div class=\"ue-item-text\">S\u00ed. Els clients amb despatx poden reservar sales de reunions des de 5\u20ac\/hora amb el Forfet Standard. El Forfet Full inclou fins a 10 hores de sala, d'acord amb les condicions. Les sales disposen de connexi\u00f3 a internet, pantalla o projector i pissarra segons l'espai escollit. Tamb\u00e9 es poden sol\u00b7licitar serveis addicionals, com c\u00e0tering, assist\u00e8ncia t\u00e8cnica, impressi\u00f3 de documents o recepci\u00f3 d'assistents, subjectes a disponibilitat i pressupost.    <\/div>\n      \n              \n      <\/div> \n<\/div>\n\n\n<div class=\"uc_ac_box elementor-repeater-item-7829d93 \" style=\"background-color:;\">\n  <div class=\"uc-heading uc_trigger\">\n    <span class=\"uc_dactive bbb ue_accordion_icon\"><i class='fas fa-chevron-down'><\/i><\/span> \n    <span class=\"uc_active bbb ue_accordion_icon\"><i class='fas fa-chevron-up'><\/i><\/span>\n    <div class=\"ue_heading_title\">Puc canviar d'oficina o centre de negocis?<\/div>\n  <\/div>\n  \n  <div class=\"uc_content\" >\n        \n          \n      \n              <div class=\"ue-item-text\">A SBC som conscients de la rapidesa amb qu\u00e8 una empresa pot canviar de necessitats, per aix\u00f2 la flexibilitat es converteix en una exig\u00e8ncia que Service & Business Centers pot satisfer de forma immediata. Quan les vostres necessitats canvi\u00efn, nosaltres canviarem amb vost\u00e8. A SBC tindr\u00e0 absoluta flexibilitat per transferir el contracte a una altra oficina oa un altre Centre de Negocis SBC.  <\/div>\n      \n              \n      <\/div> \n<\/div>\n\n\n<div class=\"uc_ac_box elementor-repeater-item-8abf60e \" style=\"background-color:;\">\n  <div class=\"uc-heading uc_trigger\">\n    <span class=\"uc_dactive bbb ue_accordion_icon\"><i class='fas fa-chevron-down'><\/i><\/span> \n    <span class=\"uc_active bbb ue_accordion_icon\"><i class='fas fa-chevron-up'><\/i><\/span>\n    <div class=\"ue_heading_title\">Quina documentaci\u00f3 necessito per formalitzar un contracte?<\/div>\n  <\/div>\n  \n  <div class=\"uc_content\" >\n        \n          \n      \n              <div class=\"ue-item-text\">En el moment de formalitzar el contracte de lloguer d'oficines, domiciliaci\u00f3 de societats o usuari freq\u00fcent de sales de reunions, simplement necessita aportar les dades necess\u00e0ries per poder emplenar el contracte. Un cop realitzat aquest tr\u00e0mit, disposa d'un termini de 30 dies per remetre a SBC la documentaci\u00f3 seg\u00fcent: \n<ul>\n \t<li>CIF de la Societat.<\/li>\n \t<li>Escriptura de constituci\u00f3.<\/li>\n \t<li>DNI de la persona apoderada.<\/li>\n \t<li>Domiciliaci\u00f3 banc\u00e0ria codi IBAN: ESXX +20 DIGITS.<\/li>\n \t<li>En cas de tractar-se d'un aut\u00f2nom n'hi haur\u00e0 prou amb el DNI i la domiciliaci\u00f3 banc\u00e0ria.<\/li>\n<\/ul>\nPer a m\u00e9s comoditat pot remetre aquesta documentaci\u00f3 per correu electr\u00f2nic <a style=\"color:#fff\" href=\"mailto:info@centros-sbc.com\">(info@centros-sbc.com)<\/a> .<\/div>\n      \n              \n      <\/div> \n<\/div>\n\n  <\/div>\n<\/div>\n<!-- end Content Accordion -->\t\t\t\t<\/div>\n\t\t\t\t<\/div>\n\t\t\t\t\t<\/div>\n\t\t<\/div>\n\t\t\t\t\t<\/div>\n\t\t<\/section>\n\t\t\t\t<\/div>\n\t\t","protected":false},"excerpt":{"rendered":"<p>Lloguer d&#8217;oficines a Madrid \u2013 Centres de Negocis SBC\u00ae Centres de Negocis i Business Center a Madrid amb Oficines Moblades i M\u00e0xima Flexibilitat Nou Centre de Negocis Premium SBC Villa El Viso (Chamart\u00edn) Truqui&#8217;ns al 900 12 12 75 i reservi la seva visita El seu Despatx Equipat a una Zona PREMIUM amb una quota &hellip;<\/p>\n<p class=\"read-more\"> <a class=\"\" href=\"https:\/\/www.centros-sbc.com\/ca\/lloguer-despatxos-madrid\/\"> <span class=\"screen-reader-text\">Despatxos Privats Madrid<\/span> Read More \u00bb<\/a><\/p>\n","protected":false},"author":1,"featured_media":0,"parent":0,"menu_order":0,"comment_status":"closed","ping_status":"closed","template":"","meta":{"site-sidebar-layout":"no-sidebar","site-content-layout":"page-builder","ast-global-header-display":"","ast-main-header-display":"","ast-hfb-above-header-display":"","ast-hfb-below-header-display":"","ast-hfb-mobile-header-display":"","site-post-title":"disabled","ast-breadcrumbs-content":"","ast-featured-img":"disabled","footer-sml-layout":"","theme-transparent-header-meta":"","adv-header-id-meta":"","stick-header-meta":"","header-above-stick-meta":"","header-main-stick-meta":"","header-below-stick-meta":"","footnotes":""},"class_list":["post-8809","page","type-page","status-publish","hentry"],"yoast_head":"<!-- This site is optimized with the Yoast SEO plugin v26.4 - https:\/\/yoast.com\/wordpress\/plugins\/seo\/ -->\n<title>Centres de Negocis i Business Center Madrid | Centres SBC\u00ae<\/title>\n<meta name=\"description\" content=\"Centres de Negocis i Business Center a Madrid Centro i El Viso. Oficines i despatxos privats equipats, serveis professionals i m\u00e0xima flexibilitat.\" \/>\n<meta name=\"robots\" content=\"index, follow, max-snippet:-1, max-image-preview:large, max-video-preview:-1\" \/>\n<link rel=\"canonical\" href=\"https:\/\/www.centros-sbc.com\/ca\/lloguer-despatxos-madrid\/\" \/>\n<meta property=\"og:locale\" content=\"ca_ES\" \/>\n<meta property=\"og:type\" content=\"article\" \/>\n<meta property=\"og:title\" content=\"Centres de Negocis i Business Center Madrid | Centres SBC\u00ae\" \/>\n<meta property=\"og:description\" content=\"Centres de Negocis i Business Center a Madrid Centro i El Viso. Oficines i despatxos privats equipats, serveis professionals i m\u00e0xima flexibilitat.\" \/>\n<meta property=\"og:url\" content=\"https:\/\/www.centros-sbc.com\/ca\/lloguer-despatxos-madrid\/\" \/>\n<meta property=\"og:site_name\" content=\"SBC\" \/>\n<meta property=\"article:publisher\" content=\"https:\/\/www.facebook.com\/centrossbcbarcelona\" \/>\n<meta property=\"article:modified_time\" content=\"2026-08-17T13:45:07+00:00\" \/>\n<meta property=\"og:image\" content=\"https:\/\/www.centros-sbc.com\/wp-content\/uploads\/2026\/07\/coworking-madrid-sbc-madrid-centro-entorno-1.jpg\" \/>\n\t<meta property=\"og:image:width\" content=\"1200\" \/>\n\t<meta property=\"og:image:height\" content=\"900\" \/>\n\t<meta property=\"og:image:type\" content=\"image\/jpeg\" \/>\n<meta name=\"twitter:card\" content=\"summary_large_image\" \/>\n<meta name=\"twitter:site\" content=\"@CentrosSBC\" \/>\n<meta name=\"twitter:label1\" content=\"Temps estimat de lectura\" \/>\n\t<meta name=\"twitter:data1\" content=\"6 minuts\" \/>\n<script type=\"application\/ld+json\" class=\"yoast-schema-graph\">{\"@context\":\"https:\/\/schema.org\",\"@graph\":[{\"@type\":\"WebPage\",\"@id\":\"https:\/\/www.centros-sbc.com\/ca\/lloguer-despatxos-madrid\/\",\"url\":\"https:\/\/www.centros-sbc.com\/ca\/lloguer-despatxos-madrid\/\",\"name\":\"Centres de Negocis i Business Center Madrid | Centres SBC\u00ae\",\"isPartOf\":{\"@id\":\"https:\/\/www.centros-sbc.com\/ca\/#website\"},\"primaryImageOfPage\":{\"@id\":\"https:\/\/www.centros-sbc.com\/ca\/lloguer-despatxos-madrid\/#primaryimage\"},\"image\":{\"@id\":\"https:\/\/www.centros-sbc.com\/ca\/lloguer-despatxos-madrid\/#primaryimage\"},\"thumbnailUrl\":\"https:\/\/www.centros-sbc.com\/wp-content\/uploads\/2026\/07\/coworking-madrid-sbc-madrid-centro-entorno-1.jpg\",\"datePublished\":\"2024-05-21T09:09:12+00:00\",\"dateModified\":\"2026-08-17T13:45:07+00:00\",\"description\":\"Centres de Negocis i Business Center a Madrid Centro i El Viso. Oficines i despatxos privats equipats, serveis professionals i m\u00e0xima flexibilitat.\",\"breadcrumb\":{\"@id\":\"https:\/\/www.centros-sbc.com\/ca\/lloguer-despatxos-madrid\/#breadcrumb\"},\"inLanguage\":\"ca\",\"potentialAction\":[{\"@type\":\"ReadAction\",\"target\":[\"https:\/\/www.centros-sbc.com\/ca\/lloguer-despatxos-madrid\/\"]}]},{\"@type\":\"ImageObject\",\"inLanguage\":\"ca\",\"@id\":\"https:\/\/www.centros-sbc.com\/ca\/lloguer-despatxos-madrid\/#primaryimage\",\"url\":\"https:\/\/www.centros-sbc.com\/wp-content\/uploads\/2026\/07\/coworking-madrid-sbc-madrid-centro-entorno-1.jpg\",\"contentUrl\":\"https:\/\/www.centros-sbc.com\/wp-content\/uploads\/2026\/07\/coworking-madrid-sbc-madrid-centro-entorno-1.jpg\"},{\"@type\":\"BreadcrumbList\",\"@id\":\"https:\/\/www.centros-sbc.com\/ca\/lloguer-despatxos-madrid\/#breadcrumb\",\"itemListElement\":[{\"@type\":\"ListItem\",\"position\":1,\"name\":\"Portada\",\"item\":\"https:\/\/www.centros-sbc.com\/ca\/inici\/\"},{\"@type\":\"ListItem\",\"position\":2,\"name\":\"Despatxos Privats Madrid\"}]},{\"@type\":\"WebSite\",\"@id\":\"https:\/\/www.centros-sbc.com\/ca\/#website\",\"url\":\"https:\/\/www.centros-sbc.com\/ca\/\",\"name\":\"SBC\",\"description\":\"Centro de Negocios Barcelona. Alquiler despachos. DTO 25%\",\"publisher\":{\"@id\":\"https:\/\/www.centros-sbc.com\/ca\/#organization\"},\"potentialAction\":[{\"@type\":\"SearchAction\",\"target\":{\"@type\":\"EntryPoint\",\"urlTemplate\":\"https:\/\/www.centros-sbc.com\/ca\/?s={search_term_string}\"},\"query-input\":{\"@type\":\"PropertyValueSpecification\",\"valueRequired\":true,\"valueName\":\"search_term_string\"}}],\"inLanguage\":\"ca\"},{\"@type\":\"Organization\",\"@id\":\"https:\/\/www.centros-sbc.com\/ca\/#organization\",\"name\":\"Centros SBC\",\"url\":\"https:\/\/www.centros-sbc.com\/ca\/\",\"logo\":{\"@type\":\"ImageObject\",\"inLanguage\":\"ca\",\"@id\":\"https:\/\/www.centros-sbc.com\/ca\/#\/schema\/logo\/image\/\",\"url\":\"https:\/\/www.centros-sbc.com\/wp-content\/uploads\/2022\/12\/logosbc.png\",\"contentUrl\":\"https:\/\/www.centros-sbc.com\/wp-content\/uploads\/2022\/12\/logosbc.png\",\"width\":318,\"height\":116,\"caption\":\"Centros SBC\"},\"image\":{\"@id\":\"https:\/\/www.centros-sbc.com\/ca\/#\/schema\/logo\/image\/\"},\"sameAs\":[\"https:\/\/www.facebook.com\/centrossbcbarcelona\",\"https:\/\/x.com\/CentrosSBC\"]}]}<\/script>\n<!-- \/ Yoast SEO plugin. -->","yoast_head_json":{"title":"Centres de Negocis i Business Center Madrid | Centres SBC\u00ae","description":"Centres de Negocis i Business Center a Madrid Centro i El Viso. Oficines i despatxos privats equipats, serveis professionals i m\u00e0xima flexibilitat.","robots":{"index":"index","follow":"follow","max-snippet":"max-snippet:-1","max-image-preview":"max-image-preview:large","max-video-preview":"max-video-preview:-1"},"canonical":"https:\/\/www.centros-sbc.com\/ca\/lloguer-despatxos-madrid\/","og_locale":"ca_ES","og_type":"article","og_title":"Centres de Negocis i Business Center Madrid | Centres SBC\u00ae","og_description":"Centres de Negocis i Business Center a Madrid Centro i El Viso. Oficines i despatxos privats equipats, serveis professionals i m\u00e0xima flexibilitat.","og_url":"https:\/\/www.centros-sbc.com\/ca\/lloguer-despatxos-madrid\/","og_site_name":"SBC","article_publisher":"https:\/\/www.facebook.com\/centrossbcbarcelona","article_modified_time":"2026-08-17T13:45:07+00:00","og_image":[{"width":1200,"height":900,"url":"https:\/\/www.centros-sbc.com\/wp-content\/uploads\/2026\/07\/coworking-madrid-sbc-madrid-centro-entorno-1.jpg","type":"image\/jpeg"}],"twitter_card":"summary_large_image","twitter_site":"@CentrosSBC","twitter_misc":{"Temps estimat de lectura":"6 minuts"},"schema":{"@context":"https:\/\/schema.org","@graph":[{"@type":"WebPage","@id":"https:\/\/www.centros-sbc.com\/ca\/lloguer-despatxos-madrid\/","url":"https:\/\/www.centros-sbc.com\/ca\/lloguer-despatxos-madrid\/","name":"Centres de Negocis i Business Center Madrid | Centres SBC\u00ae","isPartOf":{"@id":"https:\/\/www.centros-sbc.com\/ca\/#website"},"primaryImageOfPage":{"@id":"https:\/\/www.centros-sbc.com\/ca\/lloguer-despatxos-madrid\/#primaryimage"},"image":{"@id":"https:\/\/www.centros-sbc.com\/ca\/lloguer-despatxos-madrid\/#primaryimage"},"thumbnailUrl":"https:\/\/www.centros-sbc.com\/wp-content\/uploads\/2026\/07\/coworking-madrid-sbc-madrid-centro-entorno-1.jpg","datePublished":"2024-05-21T09:09:12+00:00","dateModified":"2026-08-17T13:45:07+00:00","description":"Centres de Negocis i Business Center a Madrid Centro i El Viso. Oficines i despatxos privats equipats, serveis professionals i m\u00e0xima flexibilitat.","breadcrumb":{"@id":"https:\/\/www.centros-sbc.com\/ca\/lloguer-despatxos-madrid\/#breadcrumb"},"inLanguage":"ca","potentialAction":[{"@type":"ReadAction","target":["https:\/\/www.centros-sbc.com\/ca\/lloguer-despatxos-madrid\/"]}]},{"@type":"ImageObject","inLanguage":"ca","@id":"https:\/\/www.centros-sbc.com\/ca\/lloguer-despatxos-madrid\/#primaryimage","url":"https:\/\/www.centros-sbc.com\/wp-content\/uploads\/2026\/07\/coworking-madrid-sbc-madrid-centro-entorno-1.jpg","contentUrl":"https:\/\/www.centros-sbc.com\/wp-content\/uploads\/2026\/07\/coworking-madrid-sbc-madrid-centro-entorno-1.jpg"},{"@type":"BreadcrumbList","@id":"https:\/\/www.centros-sbc.com\/ca\/lloguer-despatxos-madrid\/#breadcrumb","itemListElement":[{"@type":"ListItem","position":1,"name":"Portada","item":"https:\/\/www.centros-sbc.com\/ca\/inici\/"},{"@type":"ListItem","position":2,"name":"Despatxos Privats Madrid"}]},{"@type":"WebSite","@id":"https:\/\/www.centros-sbc.com\/ca\/#website","url":"https:\/\/www.centros-sbc.com\/ca\/","name":"SBC","description":"Centro de Negocios Barcelona. Alquiler despachos. DTO 25%","publisher":{"@id":"https:\/\/www.centros-sbc.com\/ca\/#organization"},"potentialAction":[{"@type":"SearchAction","target":{"@type":"EntryPoint","urlTemplate":"https:\/\/www.centros-sbc.com\/ca\/?s={search_term_string}"},"query-input":{"@type":"PropertyValueSpecification","valueRequired":true,"valueName":"search_term_string"}}],"inLanguage":"ca"},{"@type":"Organization","@id":"https:\/\/www.centros-sbc.com\/ca\/#organization","name":"Centros SBC","url":"https:\/\/www.centros-sbc.com\/ca\/","logo":{"@type":"ImageObject","inLanguage":"ca","@id":"https:\/\/www.centros-sbc.com\/ca\/#\/schema\/logo\/image\/","url":"https:\/\/www.centros-sbc.com\/wp-content\/uploads\/2022\/12\/logosbc.png","contentUrl":"https:\/\/www.centros-sbc.com\/wp-content\/uploads\/2022\/12\/logosbc.png","width":318,"height":116,"caption":"Centros SBC"},"image":{"@id":"https:\/\/www.centros-sbc.com\/ca\/#\/schema\/logo\/image\/"},"sameAs":["https:\/\/www.facebook.com\/centrossbcbarcelona","https:\/\/x.com\/CentrosSBC"]}]}},"_links":{"self":[{"href":"https:\/\/www.centros-sbc.com\/ca\/wp-json\/wp\/v2\/pages\/8809","targetHints":{"allow":["GET"]}}],"collection":[{"href":"https:\/\/www.centros-sbc.com\/ca\/wp-json\/wp\/v2\/pages"}],"about":[{"href":"https:\/\/www.centros-sbc.com\/ca\/wp-json\/wp\/v2\/types\/page"}],"author":[{"embeddable":true,"href":"https:\/\/www.centros-sbc.com\/ca\/wp-json\/wp\/v2\/users\/1"}],"replies":[{"embeddable":true,"href":"https:\/\/www.centros-sbc.com\/ca\/wp-json\/wp\/v2\/comments?post=8809"}],"version-history":[{"count":55,"href":"https:\/\/www.centros-sbc.com\/ca\/wp-json\/wp\/v2\/pages\/8809\/revisions"}],"predecessor-version":[{"id":15667,"href":"https:\/\/www.centros-sbc.com\/ca\/wp-json\/wp\/v2\/pages\/8809\/revisions\/15667"}],"wp:attachment":[{"href":"https:\/\/www.centros-sbc.com\/ca\/wp-json\/wp\/v2\/media?parent=8809"}],"curies":[{"name":"wp","href":"https:\/\/api.w.org\/{rel}","templated":true}]}}